{"id":11577,"date":"2025-03-11T08:54:18","date_gmt":"2025-03-11T06:54:18","guid":{"rendered":"https:\/\/reviva.fi\/product\/vedel-medel\/"},"modified":"2026-01-29T09:22:31","modified_gmt":"2026-01-29T07:22:31","slug":"vedel-medel-120-kap","status":"publish","type":"product","link":"https:\/\/reviva.fi\/fi\/tuote\/vedel-medel-120-kap\/","title":{"rendered":"Vedel Medel"},"content":{"rendered":"<p data-start=\"0\" data-end=\"53\"><strong data-start=\"0\" data-end=\"51\">Vedel Medel\u00a0 \u2013 Yrttipohjainen tuki hyvinvoinnille<\/strong><\/p>\n<p>Vedel Medel on huolella kehitetty yrttipohjainen ravintolis\u00e4, joka sis\u00e4lt\u00e4\u00e4 ainutlaatuisen yhdistelm\u00e4n VM1-yrttisekoitusta (2000 mg) ja C-vitamiinia (200 mg) per p\u00e4iv\u00e4annos (4 kapselia). T\u00e4m\u00e4 koostumus on suunniteltu tukemaan kehon luonnollista tasapainoa ja edist\u00e4m\u00e4\u00e4n yleist\u00e4 hyvinvointia.<\/p>\n","protected":false},"excerpt":{"rendered":"<p data-start=\"0\" data-end=\"506\">\u2714 Yrttiseos VM1 (2000 mg) \u2013 Tehokas yhdistelm\u00e4 huolellisesti valittuja yrttej\u00e4.<br data-start=\"79\" data-end=\"82\" \/>\u2714 C-vitamiini (200 mg) \u2013 Tukee immuunij\u00e4rjestelm\u00e4\u00e4, edist\u00e4\u00e4 normaalia energia-aineenvaihduntaa ja suojaa soluja oksidatiiviselta stressilt\u00e4.<br data-start=\"222\" data-end=\"225\" \/>\u2714 Luonnollinen kasviper\u00e4inen ravintolis\u00e4 \u2013 Sis\u00e4lt\u00e4\u00e4 yrttiuutteita helposti imeytyv\u00e4ss\u00e4 muodossa.<br data-start=\"321\" data-end=\"324\" \/>\u2714 Tukee yleist\u00e4 hyvinvointia \u2013 Voi edist\u00e4\u00e4 kehon tasapainoista toimintaa ja luonnollista energiatasoa.<\/p>\n<p data-start=\"508\" data-end=\"520\" data-is-last-node=\"\" data-is-only-node=\"\"><strong>120 kapselia<\/strong><\/p>\n","protected":false},"featured_media":13887,"comment_status":"closed","ping_status":"closed","template":"","meta":{"_acf_changed":false,"inline_featured_image":false,"_kad_blocks_custom_css":"","_kad_blocks_head_custom_js":"","_kad_blocks_body_custom_js":"","_kad_blocks_footer_custom_js":"","_kadence_starter_templates_imported_post":false,"_kad_post_transparent":"default","_kad_post_title":"","_kad_post_layout":"default","_kad_post_sidebar_id":"","_kad_post_content_style":"default","_kad_post_vertical_padding":"default","_kad_post_feature":"","_kad_post_feature_position":"","_kad_post_header":false,"_kad_post_footer":false},"product_brand":[],"product_cat":[141,5963,2387,2357],"product_tag":[5790,2936,5551,5749,1627,1235,5589,5743,5750,4653,5745,4764,3093,4446,1334,5747,2959],"class_list":{"0":"post-11577","1":"product","2":"type-product","3":"status-publish","4":"has-post-thumbnail","6":"product_cat-orter-fi","7":"product_cat-synergos-fi","8":"product_cat-mage-och-tarm-fi","9":"product_cat-immunforsvar-fi","10":"product_tag-ortkomplex-fi","11":"product_tag-antioksidantit","12":"product_tag-cirkulation-fi","13":"product_tag-detox-fi","14":"product_tag-elpyminen","15":"product_tag-energia","16":"product_tag-halsa-fi","17":"product_tag-hallbart-fi","18":"product_tag-immunsystem-fi","19":"product_tag-maksan-terveytta","20":"product_tag-naturligt-tillskott-fi","21":"product_tag-perinteinen-laaketiede","22":"product_tag-ruoansulatus","23":"product_tag-ruuansulatuksen-tuki","24":"product_tag-tulehdus","25":"product_tag-valmaende-fi","26":"product_tag-vitamiini-c","28":"first","29":"instock","30":"taxable","31":"shipping-taxable","32":"purchasable","33":"product-type-simple","34":"entry","35":"content-bg","36":"loop-entry"},"acf":[],"yoast_head":"<!-- This site is optimized with the Yoast SEO plugin v25.8 - https:\/\/yoast.com\/wordpress\/plugins\/seo\/ -->\n<title>Vedel Medel - Reviva<\/title>\n<meta name=\"description\" content=\"Vedel Medel sis\u00e4lt\u00e4\u00e4 ainutlaatuisen yhdistelm\u00e4n yrttej\u00e4 ja C-vitamiinia, jotka tukevat immuunij\u00e4rjestelm\u00e4\u00e4, ruoansulatusta ja yleist\u00e4 hyvinvointia.\" \/>\n<meta name=\"robots\" content=\"index, follow, max-snippet:-1, max-image-preview:large, max-video-preview:-1\" \/>\n<link rel=\"canonical\" href=\"https:\/\/reviva.fi\/fi\/tuote\/vedel-medel-120-kap\/\" \/>\n<meta property=\"og:locale\" content=\"fi_FI\" \/>\n<meta property=\"og:type\" content=\"article\" \/>\n<meta property=\"og:title\" content=\"Vedel Medel - Reviva\" \/>\n<meta property=\"og:description\" content=\"Vedel Medel sis\u00e4lt\u00e4\u00e4 ainutlaatuisen yhdistelm\u00e4n yrttej\u00e4 ja C-vitamiinia, jotka tukevat immuunij\u00e4rjestelm\u00e4\u00e4, ruoansulatusta ja yleist\u00e4 hyvinvointia.\" \/>\n<meta property=\"og:url\" content=\"https:\/\/reviva.fi\/fi\/tuote\/vedel-medel-120-kap\/\" \/>\n<meta property=\"og:site_name\" content=\"Reviva\" \/>\n<meta property=\"article:modified_time\" content=\"2026-01-29T07:22:31+00:00\" \/>\n<meta property=\"og:image\" content=\"https:\/\/reviva.fi\/wp-content\/uploads\/2025\/03\/Vedel-medel-e1741675850150.png\" \/>\n\t<meta property=\"og:image:width\" content=\"1800\" \/>\n\t<meta property=\"og:image:height\" content=\"2400\" \/>\n\t<meta property=\"og:image:type\" content=\"image\/png\" \/>\n<meta name=\"twitter:card\" content=\"summary_large_image\" \/>\n<script type=\"application\/ld+json\" class=\"yoast-schema-graph\">{\"@context\":\"https:\/\/schema.org\",\"@graph\":[{\"@type\":\"WebPage\",\"@id\":\"https:\/\/reviva.fi\/fi\/tuote\/vedel-medel-120-kap\/\",\"url\":\"https:\/\/reviva.fi\/fi\/tuote\/vedel-medel-120-kap\/\",\"name\":\"Vedel Medel - Reviva\",\"isPartOf\":{\"@id\":\"https:\/\/reviva.fi\/fi\/#website\"},\"primaryImageOfPage\":{\"@id\":\"https:\/\/reviva.fi\/fi\/tuote\/vedel-medel-120-kap\/#primaryimage\"},\"image\":{\"@id\":\"https:\/\/reviva.fi\/fi\/tuote\/vedel-medel-120-kap\/#primaryimage\"},\"thumbnailUrl\":\"https:\/\/reviva.fi\/wp-content\/uploads\/2025\/03\/466-Vedel-Medel-Photoroom-e1771311666662.png\",\"datePublished\":\"2025-03-11T06:54:18+00:00\",\"dateModified\":\"2026-01-29T07:22:31+00:00\",\"description\":\"Vedel Medel sis\u00e4lt\u00e4\u00e4 ainutlaatuisen yhdistelm\u00e4n yrttej\u00e4 ja C-vitamiinia, jotka tukevat immuunij\u00e4rjestelm\u00e4\u00e4, ruoansulatusta ja yleist\u00e4 hyvinvointia.\",\"breadcrumb\":{\"@id\":\"https:\/\/reviva.fi\/fi\/tuote\/vedel-medel-120-kap\/#breadcrumb\"},\"inLanguage\":\"fi\",\"potentialAction\":[{\"@type\":\"ReadAction\",\"target\":[\"https:\/\/reviva.fi\/fi\/tuote\/vedel-medel-120-kap\/\"]}]},{\"@type\":\"ImageObject\",\"inLanguage\":\"fi\",\"@id\":\"https:\/\/reviva.fi\/fi\/tuote\/vedel-medel-120-kap\/#primaryimage\",\"url\":\"https:\/\/reviva.fi\/wp-content\/uploads\/2025\/03\/466-Vedel-Medel-Photoroom-e1771311666662.png\",\"contentUrl\":\"https:\/\/reviva.fi\/wp-content\/uploads\/2025\/03\/466-Vedel-Medel-Photoroom-e1771311666662.png\",\"width\":2000,\"height\":1333,\"caption\":\"Vedel Medel\"},{\"@type\":\"BreadcrumbList\",\"@id\":\"https:\/\/reviva.fi\/fi\/tuote\/vedel-medel-120-kap\/#breadcrumb\",\"itemListElement\":[{\"@type\":\"ListItem\",\"position\":1,\"name\":\"Etusivu\",\"item\":\"https:\/\/reviva.fi\/fi\/\"},{\"@type\":\"ListItem\",\"position\":2,\"name\":\"Tuotteet\",\"item\":\"https:\/\/reviva.fi\/produkter\/\"},{\"@type\":\"ListItem\",\"position\":3,\"name\":\"Vedel Medel\"}]},{\"@type\":\"WebSite\",\"@id\":\"https:\/\/reviva.fi\/fi\/#website\",\"url\":\"https:\/\/reviva.fi\/fi\/\",\"name\":\"Reviva\",\"description\":\"\",\"publisher\":{\"@id\":\"https:\/\/reviva.fi\/fi\/#organization\"},\"potentialAction\":[{\"@type\":\"SearchAction\",\"target\":{\"@type\":\"EntryPoint\",\"urlTemplate\":\"https:\/\/reviva.fi\/fi\/?s={search_term_string}\"},\"query-input\":{\"@type\":\"PropertyValueSpecification\",\"valueRequired\":true,\"valueName\":\"search_term_string\"}}],\"inLanguage\":\"fi\"},{\"@type\":\"Organization\",\"@id\":\"https:\/\/reviva.fi\/fi\/#organization\",\"name\":\"Reviva\",\"url\":\"https:\/\/reviva.fi\/fi\/\",\"logo\":{\"@type\":\"ImageObject\",\"inLanguage\":\"fi\",\"@id\":\"https:\/\/reviva.fi\/fi\/#\/schema\/logo\/image\/\",\"url\":\"https:\/\/reviva.fi\/wp-content\/uploads\/2023\/10\/reviva-logo2.svg\",\"contentUrl\":\"https:\/\/reviva.fi\/wp-content\/uploads\/2023\/10\/reviva-logo2.svg\",\"caption\":\"Reviva\"},\"image\":{\"@id\":\"https:\/\/reviva.fi\/fi\/#\/schema\/logo\/image\/\"}}]}<\/script>\n<meta property=\"product:price:amount\" content=\"47.20\" \/>\n<meta property=\"product:price:currency\" content=\"EUR\" \/>\n<meta property=\"og:availability\" content=\"instock\" \/>\n<meta property=\"product:availability\" content=\"instock\" \/>\n<meta property=\"product:retailer_item_id\" content=\"466\" \/>\n<meta property=\"product:condition\" content=\"new\" \/>\n<!-- \/ Yoast SEO plugin. -->","yoast_head_json":{"title":"Vedel Medel - Reviva","description":"Vedel Medel sis\u00e4lt\u00e4\u00e4 ainutlaatuisen yhdistelm\u00e4n yrttej\u00e4 ja C-vitamiinia, jotka tukevat immuunij\u00e4rjestelm\u00e4\u00e4, ruoansulatusta ja yleist\u00e4 hyvinvointia.","robots":{"index":"index","follow":"follow","max-snippet":"max-snippet:-1","max-image-preview":"max-image-preview:large","max-video-preview":"max-video-preview:-1"},"canonical":"https:\/\/reviva.fi\/fi\/tuote\/vedel-medel-120-kap\/","og_locale":"fi_FI","og_type":"article","og_title":"Vedel Medel - Reviva","og_description":"Vedel Medel sis\u00e4lt\u00e4\u00e4 ainutlaatuisen yhdistelm\u00e4n yrttej\u00e4 ja C-vitamiinia, jotka tukevat immuunij\u00e4rjestelm\u00e4\u00e4, ruoansulatusta ja yleist\u00e4 hyvinvointia.","og_url":"https:\/\/reviva.fi\/fi\/tuote\/vedel-medel-120-kap\/","og_site_name":"Reviva","article_modified_time":"2026-01-29T07:22:31+00:00","og_image":[{"width":1800,"height":2400,"url":"https:\/\/reviva.fi\/wp-content\/uploads\/2025\/03\/Vedel-medel-e1741675850150.png","type":"image\/png"}],"twitter_card":"summary_large_image","schema":{"@context":"https:\/\/schema.org","@graph":[{"@type":"WebPage","@id":"https:\/\/reviva.fi\/fi\/tuote\/vedel-medel-120-kap\/","url":"https:\/\/reviva.fi\/fi\/tuote\/vedel-medel-120-kap\/","name":"Vedel Medel - Reviva","isPartOf":{"@id":"https:\/\/reviva.fi\/fi\/#website"},"primaryImageOfPage":{"@id":"https:\/\/reviva.fi\/fi\/tuote\/vedel-medel-120-kap\/#primaryimage"},"image":{"@id":"https:\/\/reviva.fi\/fi\/tuote\/vedel-medel-120-kap\/#primaryimage"},"thumbnailUrl":"https:\/\/reviva.fi\/wp-content\/uploads\/2025\/03\/466-Vedel-Medel-Photoroom-e1771311666662.png","datePublished":"2025-03-11T06:54:18+00:00","dateModified":"2026-01-29T07:22:31+00:00","description":"Vedel Medel sis\u00e4lt\u00e4\u00e4 ainutlaatuisen yhdistelm\u00e4n yrttej\u00e4 ja C-vitamiinia, jotka tukevat immuunij\u00e4rjestelm\u00e4\u00e4, ruoansulatusta ja yleist\u00e4 hyvinvointia.","breadcrumb":{"@id":"https:\/\/reviva.fi\/fi\/tuote\/vedel-medel-120-kap\/#breadcrumb"},"inLanguage":"fi","potentialAction":[{"@type":"ReadAction","target":["https:\/\/reviva.fi\/fi\/tuote\/vedel-medel-120-kap\/"]}]},{"@type":"ImageObject","inLanguage":"fi","@id":"https:\/\/reviva.fi\/fi\/tuote\/vedel-medel-120-kap\/#primaryimage","url":"https:\/\/reviva.fi\/wp-content\/uploads\/2025\/03\/466-Vedel-Medel-Photoroom-e1771311666662.png","contentUrl":"https:\/\/reviva.fi\/wp-content\/uploads\/2025\/03\/466-Vedel-Medel-Photoroom-e1771311666662.png","width":2000,"height":1333,"caption":"Vedel Medel"},{"@type":"BreadcrumbList","@id":"https:\/\/reviva.fi\/fi\/tuote\/vedel-medel-120-kap\/#breadcrumb","itemListElement":[{"@type":"ListItem","position":1,"name":"Etusivu","item":"https:\/\/reviva.fi\/fi\/"},{"@type":"ListItem","position":2,"name":"Tuotteet","item":"https:\/\/reviva.fi\/produkter\/"},{"@type":"ListItem","position":3,"name":"Vedel Medel"}]},{"@type":"WebSite","@id":"https:\/\/reviva.fi\/fi\/#website","url":"https:\/\/reviva.fi\/fi\/","name":"Reviva","description":"","publisher":{"@id":"https:\/\/reviva.fi\/fi\/#organization"},"potentialAction":[{"@type":"SearchAction","target":{"@type":"EntryPoint","urlTemplate":"https:\/\/reviva.fi\/fi\/?s={search_term_string}"},"query-input":{"@type":"PropertyValueSpecification","valueRequired":true,"valueName":"search_term_string"}}],"inLanguage":"fi"},{"@type":"Organization","@id":"https:\/\/reviva.fi\/fi\/#organization","name":"Reviva","url":"https:\/\/reviva.fi\/fi\/","logo":{"@type":"ImageObject","inLanguage":"fi","@id":"https:\/\/reviva.fi\/fi\/#\/schema\/logo\/image\/","url":"https:\/\/reviva.fi\/wp-content\/uploads\/2023\/10\/reviva-logo2.svg","contentUrl":"https:\/\/reviva.fi\/wp-content\/uploads\/2023\/10\/reviva-logo2.svg","caption":"Reviva"},"image":{"@id":"https:\/\/reviva.fi\/fi\/#\/schema\/logo\/image\/"}}]},"product_price_amount":"47.20","product_price_currency":"EUR","og_availability":"instock","product_availability":"instock","product_retailer_item_id":"466","product_condition":"new"},"taxonomy_info":{"product_cat":[{"value":141,"label":"Yrtit"},{"value":5963,"label":"Synergos"},{"value":2387,"label":"Maha &amp; Suolisto"},{"value":2357,"label":"Immuunipuolustus"}],"product_tag":[{"value":5790,"label":"\u00d6rtkomplex"},{"value":2936,"label":"Antioksidantit"},{"value":5551,"label":"Cirkulation"},{"value":5749,"label":"detox"},{"value":1627,"label":"elpyminen"},{"value":1235,"label":"energia"},{"value":5589,"label":"H\u00e4lsa"},{"value":5743,"label":"h\u00e5llbart"},{"value":5750,"label":"Immunsystem"},{"value":4653,"label":"maksan terveytt\u00e4"},{"value":5745,"label":"Naturligt tillskott"},{"value":4764,"label":"perinteinen l\u00e4\u00e4ketiede"},{"value":3093,"label":"ruoansulatus"},{"value":4446,"label":"ruuansulatuksen tuki"},{"value":1334,"label":"tulehdus"},{"value":5747,"label":"v\u00e4lm\u00e5ende"},{"value":2959,"label":"Vitamiini C"}]},"featured_image_src_large":["https:\/\/reviva.fi\/wp-content\/uploads\/2025\/03\/466-Vedel-Medel-Photoroom-1024x682.png",1024,682,true],"author_info":[],"comment_info":0,"_links":{"self":[{"href":"https:\/\/reviva.fi\/fi\/wp-json\/wp\/v2\/product\/11577","targetHints":{"allow":["GET"]}}],"collection":[{"href":"https:\/\/reviva.fi\/fi\/wp-json\/wp\/v2\/product"}],"about":[{"href":"https:\/\/reviva.fi\/fi\/wp-json\/wp\/v2\/types\/product"}],"replies":[{"embeddable":true,"href":"https:\/\/reviva.fi\/fi\/wp-json\/wp\/v2\/comments?post=11577"}],"wp:featuredmedia":[{"embeddable":true,"href":"https:\/\/reviva.fi\/fi\/wp-json\/wp\/v2\/media\/13887"}],"wp:attachment":[{"href":"https:\/\/reviva.fi\/fi\/wp-json\/wp\/v2\/media?parent=11577"}],"wp:term":[{"taxonomy":"product_brand","embeddable":true,"href":"https:\/\/reviva.fi\/fi\/wp-json\/wp\/v2\/product_brand?post=11577"},{"taxonomy":"product_cat","embeddable":true,"href":"https:\/\/reviva.fi\/fi\/wp-json\/wp\/v2\/product_cat?post=11577"},{"taxonomy":"product_tag","embeddable":true,"href":"https:\/\/reviva.fi\/fi\/wp-json\/wp\/v2\/product_tag?post=11577"}],"curies":[{"name":"wp","href":"https:\/\/api.w.org\/{rel}","templated":true}]}}